{"id":338,"date":"2021-11-15T17:50:01","date_gmt":"2021-11-15T16:50:01","guid":{"rendered":"https:\/\/retraites.prieenchemin.org\/careme-2022-en-famille\/?p=338"},"modified":"2022-02-21T19:21:23","modified_gmt":"2022-02-21T18:21:23","slug":"retraite-famille","status":"publish","type":"page","link":"https:\/\/retraites.prieenchemin.org\/careme-2022-en-famille\/","title":{"rendered":"Retraite en famille"},"content":{"rendered":"<p>[et_pb_section fb_built=\u00a0\u00bb1&Prime; admin_label=\u00a0\u00bbAbout\u00a0\u00bb _builder_version=\u00a0\u00bb4.9.7&Prime; background_color=\u00a0\u00bb#fcf9ec\u00a0\u00bb background_image=\u00a0\u00bbhttps:\/\/retraites.prieenchemin.org\/careme-2022-en-famille\/wp-content\/uploads\/sites\/11\/2021\/06\/bg-pec-patterngris.png\u00a0\u00bb background_size=\u00a0\u00bbcontain\u00a0\u00bb background_position=\u00a0\u00bbtop_left\u00a0\u00bb background_blend=\u00a0\u00bbluminosity\u00a0\u00bb locked=\u00a0\u00bboff\u00a0\u00bb global_colors_info=\u00a0\u00bb{}\u00a0\u00bb][et_pb_row column_structure=\u00a0\u00bb3_5,2_5&Prime; _builder_version=\u00a0\u00bb4.9.10&Prime; global_colors_info=\u00a0\u00bb{}\u00a0\u00bb][et_pb_column type=\u00a0\u00bb3_5&Prime; _builder_version=\u00a0\u00bb4.9.10&Prime; custom_padding=\u00a0\u00bb|80px|||false|false\u00a0\u00bb custom_padding_tablet=\u00a0\u00bb|0px|||false|false\u00a0\u00bb custom_padding_phone=\u00a0\u00bb||||false\u00a0\u00bb custom_padding_last_edited=\u00a0\u00bbon|tablet\u00a0\u00bb global_colors_info=\u00a0\u00bb{}\u00a0\u00bb][et_pb_text content_tablet=\u00a0\u00bb\u00a0\u00bb content_phone=\u00a0\u00bb\u00a0\u00bb content_last_edited=\u00a0\u00bbon|phone\u00a0\u00bb disabled_on=\u00a0\u00bboff|off|off\u00a0\u00bb _builder_version=\u00a0\u00bb4.11.1&Prime; _dynamic_attributes=\u00a0\u00bblink_option_url\u00a0\u00bb text_font=\u00a0\u00bbRaleway|600||on|||||\u00a0\u00bb text_text_color=\u00a0\u00bb#e63d4b\u00a0\u00bb text_font_size=\u00a0\u00bb19px\u00a0\u00bb text_letter_spacing=\u00a0\u00bb1px\u00a0\u00bb text_line_height=\u00a0\u00bb1.6em\u00a0\u00bb link_text_color=\u00a0\u00bb#e63d4b\u00a0\u00bb transform_scale_tablet=\u00a0\u00bb\u00a0\u00bb transform_scale_phone=\u00a0\u00bb\u00a0\u00bb transform_scale_last_edited=\u00a0\u00bbon|phone\u00a0\u00bb transform_translate_tablet=\u00a0\u00bb\u00a0\u00bb transform_translate_phone=\u00a0\u00bb0px|-56px\u00a0\u00bb transform_translate_last_edited=\u00a0\u00bbon|phone\u00a0\u00bb transform_rotate_tablet=\u00a0\u00bb\u00a0\u00bb transform_rotate_phone=\u00a0\u00bb\u00a0\u00bb transform_rotate_last_edited=\u00a0\u00bbon|phone\u00a0\u00bb transform_skew_tablet=\u00a0\u00bb\u00a0\u00bb transform_skew_phone=\u00a0\u00bb\u00a0\u00bb transform_skew_last_edited=\u00a0\u00bbon|phone\u00a0\u00bb transform_origin_tablet=\u00a0\u00bb\u00a0\u00bb transform_origin_phone=\u00a0\u00bb\u00a0\u00bb transform_origin_last_edited=\u00a0\u00bbon|phone\u00a0\u00bb transform_styles_last_edited=\u00a0\u00bbon|phone\u00a0\u00bb custom_margin=\u00a0\u00bb1px||20px||false|false\u00a0\u00bb custom_margin_tablet=\u00a0\u00bb\u00a0\u00bb custom_margin_phone=\u00a0\u00bb0px|0px|-40px|0px|false|false\u00a0\u00bb custom_margin_last_edited=\u00a0\u00bbon|phone\u00a0\u00bb animation_style=\u00a0\u00bbslide\u00a0\u00bb animation_direction=\u00a0\u00bbleft\u00a0\u00bb animation_duration=\u00a0\u00bb1350ms\u00a0\u00bb animation_delay=\u00a0\u00bb50ms\u00a0\u00bb animation_intensity_slide=\u00a0\u00bb2%\u00a0\u00bb link_option_url=\u00a0\u00bb@ET-DC@eyJkeW5hbWljIjp0cnVlLCJjb250ZW50IjoicG9zdF9saW5rX3VybF9wYWdlIiwic2V0dGluZ3MiOnsicG9zdF9pZCI6IjE0OSJ9fQ==@\u00a0\u00bb text_font_tablet=\u00a0\u00bb\u00a0\u00bb text_font_phone=\u00a0\u00bb\u00a0\u00bb text_font_last_edited=\u00a0\u00bbon|phone\u00a0\u00bb text_font_size_tablet=\u00a0\u00bb\u00a0\u00bb text_font_size_phone=\u00a0\u00bb14px\u00a0\u00bb text_font_size_last_edited=\u00a0\u00bbon|phone\u00a0\u00bb transform_styles_tablet=\u00a0\u00bb\u00a0\u00bb transform_styles_phone=\u00a0\u00bb\u00a0\u00bb locked=\u00a0\u00bboff\u00a0\u00bb global_colors_info=\u00a0\u00bb{}\u00a0\u00bb][\/et_pb_text][et_pb_text _builder_version=\u00a0\u00bb4.11.1&Prime; text_font=\u00a0\u00bb|600|||||||\u00a0\u00bb text_line_height=\u00a0\u00bb1.8em\u00a0\u00bb header_font=\u00a0\u00bbMarcellus||||||||\u00a0\u00bb header_font_size=\u00a0\u00bb60px\u00a0\u00bb animation_style=\u00a0\u00bbslide\u00a0\u00bb animation_direction=\u00a0\u00bbleft\u00a0\u00bb animation_duration=\u00a0\u00bb1300ms\u00a0\u00bb animation_intensity_slide=\u00a0\u00bb2%\u00a0\u00bb header_font_size_tablet=\u00a0\u00bb80px\u00a0\u00bb header_font_size_phone=\u00a0\u00bb40px\u00a0\u00bb header_font_size_last_edited=\u00a0\u00bbon|phone\u00a0\u00bb locked=\u00a0\u00bboff\u00a0\u00bb inline_fonts=\u00a0\u00bbAkaya Telivigala\u00a0\u00bb global_colors_info=\u00a0\u00bb{}\u00a0\u00bb]<\/p>\n<h1 class=\"entry-title\">Retraite en <span style=\"color: #ff9900;font-family: 'Akaya Telivigala';font-size: 1.3em\">famille<\/span><\/h1>\n<p>[\/et_pb_text][et_pb_text _builder_version=\u00a0\u00bb4.11.1&Prime; _module_preset=\u00a0\u00bbdefault\u00a0\u00bb text_font=\u00a0\u00bbAbel||||||||\u00a0\u00bb inline_fonts=\u00a0\u00bbAkaya Telivigala,Marcellus,Akaya Kanadaka\u00a0\u00bb global_colors_info=\u00a0\u00bb{}\u00a0\u00bb]<\/p>\n<h3>\u00ab<strong><span style=\"color: #333399\"> En famille, marcher vers P\u00e2ques avec des grands t\u00e9moins ignatiens \u00bb \u00a0<\/span><\/strong><\/h3>\n<p><span style=\"color: #31849b;font-size: medium;font-family: Marcellus\">Tel est le th\u00e8me de la retraite de Car\u00eame propos\u00e9e cette ann\u00e9e aux familles par les <span style=\"font-family: Marcellus;color: #ff9900\"><span style=\"font-weight: normal;font-size: xx-large;font-family: 'Akaya Telivigala'\">j\u00e9suites, <\/span><\/span>en collaboration avec les religieuses du <span style=\"color: #ff9900\"><span style=\"font-family: Marcellus\"><span style=\"font-weight: normal;font-size: xx-large;font-family: 'Akaya Telivigala'\">Sacr\u00e9-Coeur de J\u00e9sus<\/span><\/span>,<\/span> du <span style=\"font-family: Marcellus;color: #ff9900\"><span style=\"font-weight: normal;font-size: xx-large;font-family: 'Akaya Telivigala'\">C\u00e9nacle<\/span><\/span>, et de <span style=\"font-family: Marcellus;color: #ff9900\"><span style=\"font-weight: normal;font-size: xx-large;font-family: 'Akaya Telivigala'\">la Xavi\u00e8re.<\/span><\/span><\/span><span style=\"color: #31849b;font-size: medium;font-family: Marcellus\"><span style=\"font-family: Marcellus\"><span style=\"color: #e36c0a;font-weight: normal;font-size: xx-large;font-family: Akaya Telivigala\"><\/span><\/span><\/span><\/p>\n<p><span style=\"font-family: Marcellus\"><span style=\"color: #31849b\"><span style=\"font-size: medium\"><span style=\"color: #31849b;font-size: medium;font-family: Marcellus\">Belle occasion au coeur de cette ann\u00e9e ignatienne!<\/span><\/span><\/span><\/span><\/p>\n<p><span style=\"font-family: Marcellus\"><span style=\"color: #31849b\"><span style=\"font-size: medium\">Nous serons guid\u00e9s par des grands t\u00e9moins, des femmes et des hommes, qui ont suivi J\u00e9sus \u00e0 la mani\u00e8re d&rsquo;Igance de Loyola, et qui nous aideront <span style=\"color: #ff9900;font-size: medium;font-family: Marcellus\"><span style=\"font-weight: normal;font-size: xx-large;font-family: 'Akaya Telivigala'\">dans notre vie de famille<\/span><\/span>, \u00e0 le faire \u00e0 notre tour.<\/span><\/span><\/span><\/p>\n<p><span style=\"font-family: Marcellus;font-weight: normal;font-size: x-large\"><span style=\"color: #31849b\">Et maintenant,\u00a0<span style=\"color: #ff9900;font-family: 'Akaya Kanadaka';font-weight: normal;font-size: xx-large\">cheminons, familles<\/span>\u00a0!<br \/>Cheminons vers <\/span><span style=\"color: #e36c0a;font-family: Akaya Kanadaka;font-size: xx-large\"><span style=\"color: #ff9900\">P\u00e2ques<\/span>\u00a0<\/span><span style=\"color: #31849b\">avec les grands t\u00e9moins ignatiens !<\/span><\/span><\/p>\n<p>[\/et_pb_text][et_pb_button button_url=\u00a0\u00bbhttps:\/\/www.jesuites.com\/careme-2022-en-famille\/\u00a0\u00bb button_text=\u00a0\u00bbS&rsquo;inscrire \u00e0 la retraite en famille\u00a0\u00bb _builder_version=\u00a0\u00bb4.11.1&Prime; _module_preset=\u00a0\u00bbdefault\u00a0\u00bb custom_button=\u00a0\u00bbon\u00a0\u00bb button_text_color=\u00a0\u00bb#31849b\u00a0\u00bb global_colors_info=\u00a0\u00bb{}\u00a0\u00bb][\/et_pb_button][\/et_pb_column][et_pb_column type=\u00a0\u00bb2_5&Prime; _builder_version=\u00a0\u00bb4.2.2&Prime; global_colors_info=\u00a0\u00bb{}\u00a0\u00bb][et_pb_image src=\u00a0\u00bbhttps:\/\/retraites.prieenchemin.org\/careme-2022-en-famille\/wp-content\/uploads\/sites\/11\/2022\/02\/visuel-retraite-careme.jpg\u00a0\u00bb title_text=\u00a0\u00bbVisuel retraite Car\u00eame\u00a0\u00bb _builder_version=\u00a0\u00bb4.11.1&Prime; transform_scale=\u00a0\u00bb162%|162%\u00a0\u00bb transform_scale_tablet=\u00a0\u00bb\u00a0\u00bb transform_scale_phone=\u00a0\u00bb110%|110%\u00a0\u00bb transform_scale_last_edited=\u00a0\u00bbon|phone\u00a0\u00bb transform_translate=\u00a0\u00bb4px|63px\u00a0\u00bb transform_translate_tablet=\u00a0\u00bb\u00a0\u00bb transform_translate_phone=\u00a0\u00bb4px|9px\u00a0\u00bb transform_translate_last_edited=\u00a0\u00bbon|phone\u00a0\u00bb transform_rotate_tablet=\u00a0\u00bb\u00a0\u00bb transform_rotate_phone=\u00a0\u00bb\u00a0\u00bb transform_rotate_last_edited=\u00a0\u00bbon|phone\u00a0\u00bb transform_skew_tablet=\u00a0\u00bb\u00a0\u00bb transform_skew_phone=\u00a0\u00bb\u00a0\u00bb transform_skew_last_edited=\u00a0\u00bbon|phone\u00a0\u00bb transform_origin_tablet=\u00a0\u00bb\u00a0\u00bb transform_origin_phone=\u00a0\u00bb\u00a0\u00bb transform_origin_last_edited=\u00a0\u00bbon|phone\u00a0\u00bb transform_styles_last_edited=\u00a0\u00bbon|phone\u00a0\u00bb width=\u00a0\u00bb68%\u00a0\u00bb max_width=\u00a0\u00bb100%\u00a0\u00bb animation_style=\u00a0\u00bbslide\u00a0\u00bb animation_direction=\u00a0\u00bbbottom\u00a0\u00bb animation_duration=\u00a0\u00bb1350ms\u00a0\u00bb animation_intensity_slide=\u00a0\u00bb4%\u00a0\u00bb transform_styles_tablet=\u00a0\u00bb\u00a0\u00bb transform_styles_phone=\u00a0\u00bb\u00a0\u00bb global_colors_info=\u00a0\u00bb{}\u00a0\u00bb][\/et_pb_image][\/et_pb_column][\/et_pb_row][\/et_pb_section][et_pb_section fb_built=\u00a0\u00bb1&Prime; _builder_version=\u00a0\u00bb4.9.7&Prime; _module_preset=\u00a0\u00bbdefault\u00a0\u00bb custom_padding=\u00a0\u00bb77px||19px|||\u00a0\u00bb global_colors_info=\u00a0\u00bb{}\u00a0\u00bb][et_pb_row column_structure=\u00a0\u00bb1_2,1_2&Prime; _builder_version=\u00a0\u00bb4.11.1&Prime; _module_preset=\u00a0\u00bbdefault\u00a0\u00bb global_colors_info=\u00a0\u00bb{}\u00a0\u00bb][et_pb_column type=\u00a0\u00bb1_2&Prime; _builder_version=\u00a0\u00bb4.9.7&Prime; _module_preset=\u00a0\u00bbdefault\u00a0\u00bb global_colors_info=\u00a0\u00bb{}\u00a0\u00bb][et_pb_text _builder_version=\u00a0\u00bb4.11.1&Prime; _module_preset=\u00a0\u00bbdefault\u00a0\u00bb text_font=\u00a0\u00bbMarcellus||||||||\u00a0\u00bb inline_fonts=\u00a0\u00bbMarcellus\u00a0\u00bb global_colors_info=\u00a0\u00bb{}\u00a0\u00bb]<\/p>\n<h1><span style=\"color: #333333;font-size: xx-large\"><b>Comment va-t-on s\u2019y prendre\u00a0?<\/b><\/span><\/h1>\n<p><span style=\"color: #333333\"><span style=\"font-size: medium\">La retraite propos\u00e9e est un parcours \u00e0 vivre \u00e0 la maison en famille.<\/span><\/span><\/p>\n<p><span style=\"color: #333333\"><span style=\"font-size: medium\">Concr\u00e8tement, <strong>chaque mardi<\/strong> jusqu&rsquo;\u00e0 P\u00e2ques, \u00e0 la suite d&rsquo;un grand t\u00e9moin ignatien, un temps en famille vous est propos\u00e9 \u00e0 partir de <b>:<\/b><\/span><\/span><\/p>\n<p><span style=\"color: #c0504d\">\u25ca\u00a0\u00a0<\/span> \u00a0<span style=\"color: #404040\"><span style=\"font-size: medium\">Une <strong>vid\u00e9o<\/strong> qui pr\u00e9sente le t\u00e9moin de la semaine et le t\u00e9moignage d&rsquo;un j\u00e9suite ou d&rsquo;une religieuse qui a choisi de suivre le Christ \u00e0 la fa\u00e7on de ce t\u00e9moin ;<\/span><\/span><\/p>\n<p><span style=\"color: #c0504d\">\u25ca<\/span> \u00a0\u00a0\u00a0<span style=\"color: #404040\"><span style=\"font-size: medium\">Une proposition d\u2019<b>un temps de pri\u00e8re guid\u00e9 <\/b>en famille<\/span><\/span><span style=\"color: #404040\"><span style=\"font-size: medium\">\u00a0;<\/span><\/span><\/p>\n<p><span style=\"color: #c0504d\">\u25ca\u00a0<\/span> \u00a0 <span style=\"color: #404040\"><span style=\"font-size: medium\">Des pistes pour un <b>\u00ab <\/b>petit pas de plus <b>\u00bb <\/b>en famille et enrichir, semaine apr\u00e8s semaine un <a href=\"https:\/\/retraites.prieenchemin.org\/careme-2022-en-famille\/wp-content\/uploads\/sites\/11\/2022\/02\/livret-pr\u00aesentation-Chemin-de-Careme-V4.pdf\"><strong>chemin de Car\u00eame<\/strong><\/a><\/span><\/span><span style=\"color: #404040\"><span style=\"font-size: medium\"><b>.<br \/><\/b><\/span><\/span><\/p>\n<p>[\/et_pb_text][\/et_pb_column][et_pb_column type=\u00a0\u00bb1_2&Prime; _builder_version=\u00a0\u00bb4.9.7&Prime; _module_preset=\u00a0\u00bbdefault\u00a0\u00bb global_colors_info=\u00a0\u00bb{}\u00a0\u00bb][et_pb_text _builder_version=\u00a0\u00bb4.11.1&Prime; _module_preset=\u00a0\u00bbdefault\u00a0\u00bb inline_fonts=\u00a0\u00bbMarcellus\u00a0\u00bb global_colors_info=\u00a0\u00bb{}\u00a0\u00bb]<\/p>\n<p><span style=\"font-family: Marcellus\"><span style=\"color: #333333\"><span style=\"font-size: medium\"><b><\/b><\/span><\/span><\/span><\/p>\n<p><span style=\"font-family: Marcellus\"><span style=\"color: #333333\"><span style=\"font-size: medium\"><span style=\"font-family: Marcellus\">\u2192<\/span><span style=\"font-size: medium\">\u00a0<\/span>Pour plus de d\u00e9tails sur la retraite :<\/span><\/span><\/span><\/p>\n<p><span style=\"font-family: Marcellus\">&#8211; lire le<\/span><span style=\"color: #3366ff\"><span style=\"font-size: medium\">\u00a0<\/span><a href=\"https:\/\/retraites.prieenchemin.org\/careme-2022-en-famille\/wp-content\/uploads\/sites\/11\/2022\/02\/Livret-de-presentation-Care\u0302me-en-famille-2022-V2.pdf\" style=\"font-family: Marcellus;color: #3366ff\"><span style=\"font-size: medium\"><u><b>livret de pr\u00e9sentation<\/b><\/u><\/span><\/a><\/span><\/p>\n<p><span style=\"font-family: Marcellus\">&#8211; d\u00e9<\/span><span style=\"font-family: Marcellus\">couvrir\u00a0<\/span><span style=\"font-family: Marcellus\">la<\/span><span style=\"font-family: Marcellus\"><span style=\"color: #3366ff\"><span style=\"font-size: medium\">\u00a0<\/span><a href=\"https:\/\/www.youtube.com\/watch?v=wwkKZhsSJUA\" style=\"font-family: Marcellus;color: #3366ff\"><span style=\"font-size: medium\"><u><b>vid\u00e9o de pr\u00e9sentation<\/b><\/u><\/span><\/a><\/span> <\/span><span style=\"color: #3366ff\"><strong><\/strong><\/span><\/p>\n<p><span style=\"color: #333333;font-family: Marcellus\"><span style=\"font-size: medium\"><span style=\"font-size: 16px\">\u2192<\/span><span style=\"font-size: 16px\">\u00a0<\/span>Pour se pr\u00e9parer au temps de pri\u00e8re en famille, quelques conseils dans cette <\/span><\/span><a href=\"https:\/\/www.youtube.com\/watch?v=Xq0r6R7IKlY&amp;ab_channel=Prieenchemin\"><strong><span style=\"color: #31849b\"><span style=\"font-size: medium\"><u><span style=\"font-family: Marcellus\">vid\u00e9o<\/span><\/u><\/span><\/span><\/strong><\/a><span style=\"color: #333333\"><span style=\"font-size: medium\"> <\/span><\/span><\/p>\n<p><span style=\"font-family: Marcellus\"><span style=\"color: #333333\"><span style=\"font-size: medium\"><b>Envie de nous rejoindre ?<\/b><\/span><\/span><span style=\"color: #333333\"><span style=\"font-size: medium\"><\/span><\/span><span style=\"font-size: medium\"><\/span><\/span><\/p>\n<ul>\n<li><span style=\"font-size: medium;font-family: Marcellus\"><b>Pour <a href=\"https:\/\/www.jesuites.com\/careme-2022-en-famille\/\"><span style=\"color: #2ea3f2\"><span style=\"text-decoration: underline\">s&rsquo;inscrire \u00e0 la retraite famille<\/span><\/span><\/a> et recevoir par e-mail les contenus chaque semaine<br \/><\/b><\/span><\/li>\n<li><span style=\"font-size: medium;font-family: Marcellus\"><b>Pour acc\u00e9der \u00e0 toutes les propositions des j\u00e9suites pour les familles, retrouvez le <a href=\"https:\/\/www.jesuites.com\/wp-content\/uploads\/2021\/11\/Jesuites-Programme-familles-2021-2022.pdf\">programme de l&rsquo;ann\u00e9e<\/a>\u00a0<\/b><\/span><\/li>\n<li><span style=\"font-size: medium;font-family: Marcellus\"><b>Contact : familles@jesuites.com<\/b><\/span><\/li>\n<\/ul>\n<p>[\/et_pb_text][et_pb_button button_text=\u00a0\u00bbAcc\u00e9der aux \u00e9tapes de la retraite ci-dessous\u00a0\u00bb _builder_version=\u00a0\u00bb4.11.1&Prime; _module_preset=\u00a0\u00bbdefault\u00a0\u00bb custom_button=\u00a0\u00bbon\u00a0\u00bb button_text_color=\u00a0\u00bb#31849b\u00a0\u00bb global_colors_info=\u00a0\u00bb{}\u00a0\u00bb][\/et_pb_button][\/et_pb_column][\/et_pb_row][\/et_pb_section][et_pb_section fb_built=\u00a0\u00bb1&Prime; _builder_version=\u00a0\u00bb4.11.1&Prime; _module_preset=\u00a0\u00bbdefault\u00a0\u00bb background_color=\u00a0\u00bb#004054&Prime; display_conditions=\u00a0\u00bbW10=\u00a0\u00bb global_colors_info=\u00a0\u00bb{}\u00a0\u00bb][et_pb_row _builder_version=\u00a0\u00bb4.11.1&Prime; _module_preset=\u00a0\u00bbdefault\u00a0\u00bb global_colors_info=\u00a0\u00bb{}\u00a0\u00bb][et_pb_column type=\u00a0\u00bb4_4&Prime; _builder_version=\u00a0\u00bb4.11.1&Prime; _module_preset=\u00a0\u00bbdefault\u00a0\u00bb global_colors_info=\u00a0\u00bb{}\u00a0\u00bb][et_pb_text _builder_version=\u00a0\u00bb4.11.1&Prime; _module_preset=\u00a0\u00bbdefault\u00a0\u00bb inline_fonts=\u00a0\u00bbMarcellus\u00a0\u00bb global_colors_info=\u00a0\u00bb{}\u00a0\u00bb]<\/p>\n<h1><span style=\"font-family: Marcellus;font-weight: normal;font-size: xx-large;color: #ffffff\">Les \u00e9tapes<\/span><\/h1>\n<p>[\/et_pb_text][et_pb_blog fullwidth=\u00a0\u00bboff\u00a0\u00bb include_categories=\u00a0\u00bb24&Prime; use_manual_excerpt=\u00a0\u00bboff\u00a0\u00bb show_author=\u00a0\u00bboff\u00a0\u00bb show_date=\u00a0\u00bboff\u00a0\u00bb show_categories=\u00a0\u00bboff\u00a0\u00bb show_excerpt=\u00a0\u00bboff\u00a0\u00bb show_pagination=\u00a0\u00bboff\u00a0\u00bb _builder_version=\u00a0\u00bb4.11.1&Prime; _module_preset=\u00a0\u00bbdefault\u00a0\u00bb global_colors_info=\u00a0\u00bb{}\u00a0\u00bb][\/et_pb_blog][\/et_pb_column][\/et_pb_row][\/et_pb_section][et_pb_section fb_built=\u00a0\u00bb1&Prime; _builder_version=\u00a0\u00bb4.11.1&Prime; _module_preset=\u00a0\u00bbdefault\u00a0\u00bb][et_pb_row _builder_version=\u00a0\u00bb4.11.1&Prime; _module_preset=\u00a0\u00bbdefault\u00a0\u00bb column_structure=\u00a0\u00bb1_4,1_4,1_4,1_4&Prime;][et_pb_column _builder_version=\u00a0\u00bb4.11.1&Prime; _module_preset=\u00a0\u00bbdefault\u00a0\u00bb type=\u00a0\u00bb1_4&Prime;][et_pb_image src=\u00a0\u00bbhttps:\/\/retraites.prieenchemin.org\/careme-2022-en-famille\/wp-content\/uploads\/sites\/11\/2022\/02\/logo-ihs-jesuites-quadri.jpg\u00a0\u00bb _builder_version=\u00a0\u00bb4.11.1&Prime; _module_preset=\u00a0\u00bbdefault\u00a0\u00bb title_text=\u00a0\u00bbLOGO-IHS-JESUITES-quadri\u00a0\u00bb hover_enabled=\u00a0\u00bb0&Prime; sticky_enabled=\u00a0\u00bb0&Prime; width=\u00a0\u00bb52%\u00a0\u00bb max_width=\u00a0\u00bb84%\u00a0\u00bb custom_margin=\u00a0\u00bb|0px||60px|false|false\u00a0\u00bb url=\u00a0\u00bbhttps:\/\/www.jesuites.com\/\u00a0\u00bb][\/et_pb_image][\/et_pb_column][et_pb_column _builder_version=\u00a0\u00bb4.11.1&Prime; _module_preset=\u00a0\u00bbdefault\u00a0\u00bb type=\u00a0\u00bb1_4&Prime;][et_pb_image src=\u00a0\u00bbhttps:\/\/retraites.prieenchemin.org\/careme-2022-en-famille\/wp-content\/uploads\/sites\/11\/2022\/02\/logo-soeurs-du-cenacle.png\u00a0\u00bb _builder_version=\u00a0\u00bb4.11.1&Prime; _module_preset=\u00a0\u00bbdefault\u00a0\u00bb title_text=\u00a0\u00bbLogo soeurs du C\u00e9nacle\u00a0\u00bb hover_enabled=\u00a0\u00bb0&Prime; sticky_enabled=\u00a0\u00bb0&Prime; width=\u00a0\u00bb92%\u00a0\u00bb custom_margin=\u00a0\u00bb|||-15px|false|false\u00a0\u00bb url=\u00a0\u00bbhttps:\/\/www.ndcenacle.org\/\u00a0\u00bb][\/et_pb_image][\/et_pb_column][et_pb_column _builder_version=\u00a0\u00bb4.11.1&Prime; _module_preset=\u00a0\u00bbdefault\u00a0\u00bb type=\u00a0\u00bb1_4&Prime;][et_pb_image src=\u00a0\u00bbhttps:\/\/retraites.prieenchemin.org\/careme-2022-en-famille\/wp-content\/uploads\/sites\/11\/2022\/02\/logo-xaviere.jpg\u00a0\u00bb _builder_version=\u00a0\u00bb4.11.1&Prime; _module_preset=\u00a0\u00bbdefault\u00a0\u00bb title_text=\u00a0\u00bbLogo Xavi\u00e8re\u00a0\u00bb hover_enabled=\u00a0\u00bb0&Prime; sticky_enabled=\u00a0\u00bb0&Prime; width=\u00a0\u00bb91%\u00a0\u00bb url=\u00a0\u00bbhttps:\/\/www.xavieres.org\/\u00a0\u00bb][\/et_pb_image][\/et_pb_column][et_pb_column _builder_version=\u00a0\u00bb4.11.1&Prime; _module_preset=\u00a0\u00bbdefault\u00a0\u00bb type=\u00a0\u00bb1_4&Prime;][et_pb_image src=\u00a0\u00bbhttps:\/\/retraites.prieenchemin.org\/careme-2022-en-famille\/wp-content\/uploads\/sites\/11\/2022\/02\/logo-religieuse-du-sacre-coeur.jpg\u00a0\u00bb _builder_version=\u00a0\u00bb4.11.1&Prime; _module_preset=\u00a0\u00bbdefault\u00a0\u00bb title_text=\u00a0\u00bbLogo religieuse du Sacr\u00e9 coeur\u00a0\u00bb hover_enabled=\u00a0\u00bb0&Prime; sticky_enabled=\u00a0\u00bb0&Prime; max_width=\u00a0\u00bb100%\u00a0\u00bb width=\u00a0\u00bb100%\u00a0\u00bb url=\u00a0\u00bbhttps:\/\/www.religieusesdusacrecoeur.com\/\u00a0\u00bb][\/et_pb_image][\/et_pb_column][\/et_pb_row][\/et_pb_section]<\/p>\n","protected":false},"excerpt":{"rendered":"<p>Retraite en famille\u00ab En famille, marcher vers P\u00e2ques avec des grands t\u00e9moins ignatiens \u00bb \u00a0 Tel est le th\u00e8me de la retraite de Car\u00eame propos\u00e9e cette ann\u00e9e aux familles par les j\u00e9suites, en collaboration avec les religieuses du Sacr\u00e9-Coeur de J\u00e9sus, du C\u00e9nacle, et de la Xavi\u00e8re. Belle occasion au coeur de cette ann\u00e9e ignatienne! [&hellip;]<\/p>\n","protected":false},"author":6,"featured_media":839,"parent":0,"menu_order":0,"comment_status":"closed","ping_status":"closed","template":"","meta":{"_et_pb_use_builder":"on","_et_pb_old_content":"","_et_gb_content_width":"2880","_monsterinsights_skip_tracking":false,"_monsterinsights_sitenote_active":false,"_monsterinsights_sitenote_note":"","_monsterinsights_sitenote_category":0},"yoast_head":"<!-- This site is optimized with the Yoast SEO plugin v17.7 - https:\/\/yoast.com\/wordpress\/plugins\/seo\/ -->\n<title>Retraite en famille - Car\u00eame 2022 en famille<\/title>\n<meta name=\"robots\" content=\"index, follow, max-snippet:-1, max-image-preview:large, max-video-preview:-1\" \/>\n<link rel=\"canonical\" href=\"https:\/\/retraites.prieenchemin.org\/careme-2022-en-famille\/\" \/>\n<meta property=\"og:locale\" content=\"fr_FR\" \/>\n<meta property=\"og:type\" content=\"article\" \/>\n<meta property=\"og:title\" content=\"Retraite en famille - Car\u00eame 2022 en famille\" \/>\n<meta property=\"og:description\" content=\"Retraite en famille\u00ab En famille, marcher vers P\u00e2ques avec des grands t\u00e9moins ignatiens \u00bb \u00a0 Tel est le th\u00e8me de la retraite de Car\u00eame propos\u00e9e cette ann\u00e9e aux familles par les j\u00e9suites, en collaboration avec les religieuses du Sacr\u00e9-Coeur de J\u00e9sus, du C\u00e9nacle, et de la Xavi\u00e8re. Belle occasion au coeur de cette ann\u00e9e ignatienne! [&hellip;]\" \/>\n<meta property=\"og:url\" content=\"https:\/\/retraites.prieenchemin.org\/careme-2022-en-famille\/\" \/>\n<meta property=\"og:site_name\" content=\"Car\u00eame 2022 en famille\" \/>\n<meta property=\"article:modified_time\" content=\"2022-02-21T18:21:23+00:00\" \/>\n<meta property=\"og:image\" content=\"https:\/\/retraites.prieenchemin.org\/careme-2022-en-famille\/wp-content\/uploads\/sites\/11\/2022\/02\/visuel-ok-sans-logo.jpg\" \/>\n\t<meta property=\"og:image:width\" content=\"1667\" \/>\n\t<meta property=\"og:image:height\" content=\"1044\" \/>\n<meta name=\"twitter:card\" content=\"summary_large_image\" \/>\n<script type=\"application\/ld+json\" class=\"yoast-schema-graph\">{\"@context\":\"https:\/\/schema.org\",\"@graph\":[{\"@type\":\"WebSite\",\"@id\":\"https:\/\/retraites.prieenchemin.org\/careme-2022-en-famille\/#website\",\"url\":\"https:\/\/retraites.prieenchemin.org\/careme-2022-en-famille\/\",\"name\":\"Car\\u00eame 2022 en famille\",\"description\":\"En chemin vers P\\u00e2ques, avec de grandes figures ignatienne\",\"potentialAction\":[{\"@type\":\"SearchAction\",\"target\":{\"@type\":\"EntryPoint\",\"urlTemplate\":\"https:\/\/retraites.prieenchemin.org\/careme-2022-en-famille\/?s={search_term_string}\"},\"query-input\":\"required name=search_term_string\"}],\"inLanguage\":\"fr-FR\"},{\"@type\":\"ImageObject\",\"@id\":\"https:\/\/retraites.prieenchemin.org\/careme-2022-en-famille\/#primaryimage\",\"inLanguage\":\"fr-FR\",\"url\":\"https:\/\/retraites.prieenchemin.org\/careme-2022-en-famille\/wp-content\/uploads\/sites\/11\/2022\/02\/visuel-ok-sans-logo.jpg\",\"contentUrl\":\"https:\/\/retraites.prieenchemin.org\/careme-2022-en-famille\/wp-content\/uploads\/sites\/11\/2022\/02\/visuel-ok-sans-logo.jpg\",\"width\":1667,\"height\":1044},{\"@type\":\"WebPage\",\"@id\":\"https:\/\/retraites.prieenchemin.org\/careme-2022-en-famille\/#webpage\",\"url\":\"https:\/\/retraites.prieenchemin.org\/careme-2022-en-famille\/\",\"name\":\"Retraite en famille - Car\\u00eame 2022 en famille\",\"isPartOf\":{\"@id\":\"https:\/\/retraites.prieenchemin.org\/careme-2022-en-famille\/#website\"},\"primaryImageOfPage\":{\"@id\":\"https:\/\/retraites.prieenchemin.org\/careme-2022-en-famille\/#primaryimage\"},\"datePublished\":\"2021-11-15T16:50:01+00:00\",\"dateModified\":\"2022-02-21T18:21:23+00:00\",\"breadcrumb\":{\"@id\":\"https:\/\/retraites.prieenchemin.org\/careme-2022-en-famille\/#breadcrumb\"},\"inLanguage\":\"fr-FR\",\"potentialAction\":[{\"@type\":\"ReadAction\",\"target\":[\"https:\/\/retraites.prieenchemin.org\/careme-2022-en-famille\/\"]}]},{\"@type\":\"BreadcrumbList\",\"@id\":\"https:\/\/retraites.prieenchemin.org\/careme-2022-en-famille\/#breadcrumb\",\"itemListElement\":[{\"@type\":\"ListItem\",\"position\":1,\"name\":\"Accueil\",\"item\":\"https:\/\/retraites.prieenchemin.org\/careme-2022-en-famille\/\"},{\"@type\":\"ListItem\",\"position\":2,\"name\":\"Retraite en famille\"}]}]}<\/script>\n<!-- \/ Yoast SEO plugin. -->","yoast_head_json":{"title":"Retraite en famille - Car\u00eame 2022 en famille","robots":{"index":"index","follow":"follow","max-snippet":"max-snippet:-1","max-image-preview":"max-image-preview:large","max-video-preview":"max-video-preview:-1"},"canonical":"https:\/\/retraites.prieenchemin.org\/careme-2022-en-famille\/","og_locale":"fr_FR","og_type":"article","og_title":"Retraite en famille - Car\u00eame 2022 en famille","og_description":"Retraite en famille\u00ab En famille, marcher vers P\u00e2ques avec des grands t\u00e9moins ignatiens \u00bb \u00a0 Tel est le th\u00e8me de la retraite de Car\u00eame propos\u00e9e cette ann\u00e9e aux familles par les j\u00e9suites, en collaboration avec les religieuses du Sacr\u00e9-Coeur de J\u00e9sus, du C\u00e9nacle, et de la Xavi\u00e8re. Belle occasion au coeur de cette ann\u00e9e ignatienne! [&hellip;]","og_url":"https:\/\/retraites.prieenchemin.org\/careme-2022-en-famille\/","og_site_name":"Car\u00eame 2022 en famille","article_modified_time":"2022-02-21T18:21:23+00:00","og_image":[{"width":1667,"height":1044,"url":"https:\/\/retraites.prieenchemin.org\/careme-2022-en-famille\/wp-content\/uploads\/sites\/11\/2022\/02\/visuel-ok-sans-logo.jpg","type":"image\/jpeg"}],"twitter_card":"summary_large_image","schema":{"@context":"https:\/\/schema.org","@graph":[{"@type":"WebSite","@id":"https:\/\/retraites.prieenchemin.org\/careme-2022-en-famille\/#website","url":"https:\/\/retraites.prieenchemin.org\/careme-2022-en-famille\/","name":"Car\u00eame 2022 en famille","description":"En chemin vers P\u00e2ques, avec de grandes figures ignatienne","potentialAction":[{"@type":"SearchAction","target":{"@type":"EntryPoint","urlTemplate":"https:\/\/retraites.prieenchemin.org\/careme-2022-en-famille\/?s={search_term_string}"},"query-input":"required name=search_term_string"}],"inLanguage":"fr-FR"},{"@type":"ImageObject","@id":"https:\/\/retraites.prieenchemin.org\/careme-2022-en-famille\/#primaryimage","inLanguage":"fr-FR","url":"https:\/\/retraites.prieenchemin.org\/careme-2022-en-famille\/wp-content\/uploads\/sites\/11\/2022\/02\/visuel-ok-sans-logo.jpg","contentUrl":"https:\/\/retraites.prieenchemin.org\/careme-2022-en-famille\/wp-content\/uploads\/sites\/11\/2022\/02\/visuel-ok-sans-logo.jpg","width":1667,"height":1044},{"@type":"WebPage","@id":"https:\/\/retraites.prieenchemin.org\/careme-2022-en-famille\/#webpage","url":"https:\/\/retraites.prieenchemin.org\/careme-2022-en-famille\/","name":"Retraite en famille - Car\u00eame 2022 en famille","isPartOf":{"@id":"https:\/\/retraites.prieenchemin.org\/careme-2022-en-famille\/#website"},"primaryImageOfPage":{"@id":"https:\/\/retraites.prieenchemin.org\/careme-2022-en-famille\/#primaryimage"},"datePublished":"2021-11-15T16:50:01+00:00","dateModified":"2022-02-21T18:21:23+00:00","breadcrumb":{"@id":"https:\/\/retraites.prieenchemin.org\/careme-2022-en-famille\/#breadcrumb"},"inLanguage":"fr-FR","potentialAction":[{"@type":"ReadAction","target":["https:\/\/retraites.prieenchemin.org\/careme-2022-en-famille\/"]}]},{"@type":"BreadcrumbList","@id":"https:\/\/retraites.prieenchemin.org\/careme-2022-en-famille\/#breadcrumb","itemListElement":[{"@type":"ListItem","position":1,"name":"Accueil","item":"https:\/\/retraites.prieenchemin.org\/careme-2022-en-famille\/"},{"@type":"ListItem","position":2,"name":"Retraite en famille"}]}]}},"_links":{"self":[{"href":"https:\/\/retraites.prieenchemin.org\/careme-2022-en-famille\/wp-json\/wp\/v2\/pages\/338"}],"collection":[{"href":"https:\/\/retraites.prieenchemin.org\/careme-2022-en-famille\/wp-json\/wp\/v2\/pages"}],"about":[{"href":"https:\/\/retraites.prieenchemin.org\/careme-2022-en-famille\/wp-json\/wp\/v2\/types\/page"}],"author":[{"embeddable":true,"href":"https:\/\/retraites.prieenchemin.org\/careme-2022-en-famille\/wp-json\/wp\/v2\/users\/6"}],"replies":[{"embeddable":true,"href":"https:\/\/retraites.prieenchemin.org\/careme-2022-en-famille\/wp-json\/wp\/v2\/comments?post=338"}],"version-history":[{"count":0,"href":"https:\/\/retraites.prieenchemin.org\/careme-2022-en-famille\/wp-json\/wp\/v2\/pages\/338\/revisions"}],"wp:featuredmedia":[{"embeddable":true,"href":"https:\/\/retraites.prieenchemin.org\/careme-2022-en-famille\/wp-json\/wp\/v2\/media\/839"}],"wp:attachment":[{"href":"https:\/\/retraites.prieenchemin.org\/careme-2022-en-famille\/wp-json\/wp\/v2\/media?parent=338"}],"curies":[{"name":"wp","href":"https:\/\/api.w.org\/{rel}","templated":true}]}}